{"id":1904,"date":"2015-03-23T14:32:08","date_gmt":"2015-03-23T14:32:08","guid":{"rendered":"http:\/\/lescapucines.ca\/wp\/about-us-2\/"},"modified":"2020-11-03T17:23:42","modified_gmt":"2020-11-03T17:23:42","slug":"programme","status":"publish","type":"page","link":"http:\/\/lescapucines.ca\/wp\/home-2\/programme\/","title":{"rendered":"Notre Programme"},"content":{"rendered":"<div class='grid_row clearfix'><div class='grid_col grid_col_6'><div class='ce clearfix'><h3 class=\"ce_title\"><div>Notre Programme<\/div><\/h3><div>\n<p><img loading=\"lazy\" class=\"wp-image-5035 alignleft noborder\" src=\"..\/wp-content\/uploads\/2020\/09\/logo2.png\" alt=\"\" width=\"220\" height=\"213\" srcset=\"http:\/\/lescapucines.ca\/wp\/wp-content\/uploads\/2020\/09\/logo2.png 221w, http:\/\/lescapucines.ca\/wp\/wp-content\/uploads\/2020\/09\/logo2-768x743.png 768w, http:\/\/lescapucines.ca\/wp\/wp-content\/uploads\/2020\/09\/logo2-100x96.png 100w, http:\/\/lescapucines.ca\/wp\/wp-content\/uploads\/2020\/09\/logo2-230x222.png 230w\" sizes=\"(max-width: 220px) 100vw, 220px\" \/><strong>Un programme \u00e9ducatif enrichi qui se d\u00e9marque par son programme \u00e0 deux volets<\/strong><\/p>\n<p>L&rsquo;acad\u00e9mie les capucines est une pr\u00e9maternelle, un lieu d&rsquo;\u00e9ducation et d&rsquo;apprentissage avec des objectifs pr\u00e9cis. Tout y est donc organis\u00e9 pour que l&rsquo;enfant agisse et participe : l&rsquo;espace, le temps et les situations d&rsquo;apprentissage. Le programme de l&rsquo;academie les capucines se traduit en cinq grands domaines d&rsquo;activit\u00e9s mais sans emploi du temps impos\u00e9 :<\/p>\n<\/div><\/div><div class='ce clearfix'><h3 class=\"ce_title\"><div>Volet Sportif<\/div><\/h3><div>\n<p>L\u2019Activit\u00e9 sportive est essentielle au bien \u00eatre de l\u2019enfant aussi bien pour le corps que pour l\u2019esprit. C\u2019est \u00e0 travers l\u2019activit\u00e9 sportive, que l\u2019enfant prend le gout de bouger tout en s\u2019amusant. C\u2019est en respectant l\u2019\u00e2ge des enfants que nous proposons des s\u00e9ances d\u2019\u00e9ducation physiques et sportives qui leur sont adapt\u00e9es Nous offrons \u00e9galement 3 sessions sportives diff\u00e9rentes annuellement avec un entraineur certifi\u00e9, lors de ses cours sportif, vos enfants auront le plaisir de d\u00e9couvrir les arts martiaux, la danse, la gymnastique, le yoga et plus encore!<\/p>\n<\/div><\/div><\/div><div class='grid_col grid_col_6'><div class='ce clearfix'><h3 class=\"ce_title\"><div>Volets Acad\u00e9mique<\/div><\/h3><div class='cws_ce_content ce_accordion'><div class='accordion_section active'><div class='accordion_title'><i class='accordion_icon'><\/i><span>Vivre ensemble <\/span><\/div><div class='accordion_content'>\n<p align=\"JUSTIFY\">L&rsquo;enfant partage avec d&rsquo;autres des activit\u00e9s et des espaces communs. Il noue des relations avec les \u00e9ducatrices et avec ses amis(e), lors des moments d&rsquo;accueil, dans le cadre des jeux ou des projets r\u00e9alis\u00e9s en commun. Il apprend \u00e0 communiquer, \u00e0 prendre la parole et \u00e0 \u00e9couter l&rsquo;autre.<\/p>\n<\/div><\/div><div class='accordion_section'><div class='accordion_title'><i class='accordion_icon'><\/i><span>Parler et d\u00e9velopper son langage, s&#039;initier au monde de l&#039;\u00e9crit<\/span><\/div><div class='accordion_content' style='display:none;'>\n<p align=\"JUSTIFY\">Avec l&rsquo;aide de l\u2019\u00e9ducatrice, il apprend \u00e0 parler de ses exp\u00e9riences et de ses activit\u00e9s en classe. Progressivement, il ma\u00eetrise enrichit son vocabulaire, et d\u00e9couvre le fonctionnement et l&rsquo;importance pour exprimer ses d\u00e9sirs, ses \u00e9motions, ses besoins.<\/p>\n<p align=\"JUSTIFY\">Il comprend petit \u00e0 petit le rapport qui existe entre la langue orale et la langue \u00e9crite. Il prend conscience du parler et de l\u2019\u00e9crit\u00a0\u00bb.<\/p>\n<\/div><\/div><div class='accordion_section'><div class='accordion_title'><i class='accordion_icon'><\/i><span>Agir dans le monde tout en ayant plaisir <\/span><\/div><div class='accordion_content' style='display:none;'>\n<p align=\"JUSTIFY\">L&rsquo;action \u00e9tant un \u00e9l\u00e9ment essentiel du d\u00e9veloppement de l&rsquo;enfant, il explore l&rsquo;espace qui l&rsquo;entoure, il manipule des objets familiers, il d\u00e9couvre les possibilit\u00e9s de son corps dans des situations diverses qui lui permettent de courir, sauter, grimper, glisser, lancer, se tenir en \u00e9quilibre&#8230; mais aussi de faire des jeux, des rondes, d&rsquo;utiliser des objets et mat\u00e9riels vari\u00e9s, ballons, cerceaux, v\u00e9los, planche \u00e0 roulette, &#8230;<\/p>\n<p align=\"JUSTIFY\">L&rsquo;expression corporelle, dans un espace ad\u00e9quat (un gymnase et une cour spacieuse, en plus de la proximit\u00e9 d\u2019un parc municipale).<\/p>\n<\/div><\/div><div class='accordion_section'><div class='accordion_title'><i class='accordion_icon'><\/i><span>D\u00e9couvrir et explorer le monde<\/span><\/div><div class='accordion_content' style='display:none;'>\n<p align=\"JUSTIFY\">L\u2019\u00e9ducatrice saisit toutes les occasions d&rsquo;une d\u00e9couverte du monde qui entoure l&rsquo;enfant, le monde des objets, le monde du vivant. L&rsquo;enfant d\u00e9couvre des espaces naturels et humains, des mat\u00e9riaux (bois, pierre, terre&#8230;), des \u00e9l\u00e9ments (eau, air&#8230;), il est sensibilis\u00e9 aux probl\u00e8mes de l&rsquo;environnement, de l&rsquo;hygi\u00e8ne, de la consommation, de la s\u00e9curit\u00e9.<\/p>\n<p align=\"JUSTIFY\">Il prend conscience du temps qui passe : calendriers, rep\u00e9rage d&rsquo;\u00e9v\u00e9nements ou traces du pass\u00e9. Il est sensibilis\u00e9 au monde de l&rsquo;image :<\/p>\n<\/div><\/div><div class='accordion_section'><div class='accordion_title'><i class='accordion_icon'><\/i><span>Imaginer, Sentir, Cr\u00e9er<\/span><\/div><div class='accordion_content' style='display:none;'>\n<p align=\"JUSTIFY\">A travers des activit\u00e9s musicales (chants, rondes et jeux dans\u00e9s, \u00e9coute de musique&#8230;) et une pratique du dessin, de la peinture, du modelage&#8230; avec divers moyens et mat\u00e9riaux. D&rsquo;autres domaines artistiques sont aussi utilis\u00e9s, le th\u00e9\u00e2tre, la danse, par exemple. L&rsquo;enfant d\u00e9veloppe sa sensibilit\u00e9, son imagination et sa cr\u00e9ativit\u00e9<\/p>\n<p align=\"JUSTIFY\">A travers tous ces domaines qui recouvrent l&rsquo;ensemble des activit\u00e9s de l&rsquo;enfant, celui-ci se constitue un premier capital de connaissances.<\/p>\n<p align=\"JUSTIFY\">Il apprend aussi \u00e0 \u00e9crire, \u00e0 classer, \u00e0 d\u00e9nombrer, \u00e0 mesurer, \u00e0 reconna\u00eetre des formes, \u00e0 se rep\u00e9rer dans l&rsquo;espace et dans le temps&#8230;<\/p>\n<p align=\"JUSTIFY\">Il construit des instruments pour apprendre qui l\u2019accompagnera \u00e0 l\u2019\u00e9cole, et qui constituent les bases de ses premiers apprentissages.<\/p>\n<\/div><\/div><\/div><\/div><\/div><\/div>\n","protected":false},"excerpt":{"rendered":"","protected":false},"author":1,"featured_media":0,"parent":2288,"menu_order":0,"comment_status":"closed","ping_status":"closed","template":"","meta":[],"_links":{"self":[{"href":"http:\/\/lescapucines.ca\/wp\/wp-json\/wp\/v2\/pages\/1904"}],"collection":[{"href":"http:\/\/lescapucines.ca\/wp\/wp-json\/wp\/v2\/pages"}],"about":[{"href":"http:\/\/lescapucines.ca\/wp\/wp-json\/wp\/v2\/types\/page"}],"author":[{"embeddable":true,"href":"http:\/\/lescapucines.ca\/wp\/wp-json\/wp\/v2\/users\/1"}],"replies":[{"embeddable":true,"href":"http:\/\/lescapucines.ca\/wp\/wp-json\/wp\/v2\/comments?post=1904"}],"version-history":[{"count":80,"href":"http:\/\/lescapucines.ca\/wp\/wp-json\/wp\/v2\/pages\/1904\/revisions"}],"predecessor-version":[{"id":5378,"href":"http:\/\/lescapucines.ca\/wp\/wp-json\/wp\/v2\/pages\/1904\/revisions\/5378"}],"up":[{"embeddable":true,"href":"http:\/\/lescapucines.ca\/wp\/wp-json\/wp\/v2\/pages\/2288"}],"wp:attachment":[{"href":"http:\/\/lescapucines.ca\/wp\/wp-json\/wp\/v2\/media?parent=1904"}],"curies":[{"name":"wp","href":"https:\/\/api.w.org\/{rel}","templated":true}]}}